{"id":6576,"date":"2022-04-19T23:21:25","date_gmt":"2022-04-19T21:21:25","guid":{"rendered":"http:\/\/osplukowiec.pl\/?page_id=6576"},"modified":"2022-04-19T23:28:31","modified_gmt":"2022-04-19T21:28:31","slug":"historia-mdp","status":"publish","type":"page","link":"http:\/\/osplukowiec.pl\/index.php\/historia-mdp\/","title":{"rendered":"Historia MDP"},"content":{"rendered":"<p><big><br \/>\nDru\u017cyna MDP zosta\u0142a powo\u0142ana przez Zarz\u0105d OSP \u0141uk\u00f3wiec w marcu 2018 roku. Obecnie jej sk\u0142ad liczy 28 cz\u0142onk\u00f3w, zar\u00f3wno dziewcz\u0105t jak i ch\u0142opc\u00f3w.<\/p>\n<p>Opiek\u0119 nad dru\u017cyn\u0105 sprawuj\u0105:<br \/>\nEmilia Lenarczyk<br \/>\nRafa\u0142 Kociszewski<br \/>\n\u0141ukasz Floria\u0144czyk<\/p>\n<p>Pierwsze zbi\u00f3rki MDP mia\u0142y miejsce we wrze\u015bniu 2018 a \u015blubowanie uroczyste w grudniu 2018 roku.<br \/>\nW listopadzie m\u0142odzi druhowie zostali wyposa\u017ceni w stroje stra\u017cackie, kt\u00f3rych zakup mo\u017cliwy by\u0142 dzi\u0119ki wsparciu rodzimych sponsor\u00f3w: firmy Multi-Dekor i MDLS.<\/p>\n<p>2 grudnia 2018 roku o godzinie 10.00 podczas Mszy \u015awi\u0119tej w Kaplicy w Sobiekursku uroczyste \u015blubowanie z\u0142o\u017cyli cz\u0142onkowie M\u0142odzie\u017cowej Dru\u017cyny Po\u017carniczej przy OSP \u0141uk\u00f3wiec.<\/p>\n<p>Tekst \u015blubowania odczyta\u0142 Ksi\u0105dz Proboszcz Krzysztof Wa\u0142ek, kt\u00f3ry po \u015blubowania skierowa\u0142 do m\u0142odych ochotnik\u00f3w nast\u0119puj\u0105ce s\u0142owa:<\/p>\n<p>\u201eDrodzy Druhowie, \u017cycz\u0119, aby\u015bcie mieli przede wszystkim gor\u0105ce serca, serca rozpalone ogniem mi\u0142o\u015bci, aby\u015bcie z takim z sercem s\u0142u\u017cyli drugiemu cz\u0142owiekowi. Dobrze, \u017ce s\u0105 ludzie otwarci na innych \u2013 dzi\u015b \u015bwiat jest coraz bardziej zamkni\u0119ty w sobie \u2013 a dzisiejsza uroczysto\u015b\u0107 przypomina nam, \u017ce jeste\u015bmy lud\u017ami, kt\u00f3rzy \u017cyj\u0105 we wsp\u00f3lnocie, w spo\u0142eczno\u015bci i wzajemnie powinni\u015bmy si\u0119 wspiera\u0107. Dobrze, \u017ce s\u0105 m\u0142odzi ludzie, kt\u00f3rzy chc\u0105 pomaga\u0107 innym ludziom. \u017bycz\u0119 Wam, aby Pan B\u00f3g w tej pi\u0119knej i szlachetnej s\u0142u\u017cbie Wam b\u0142ogos\u0142awi\u0142, wspiera\u0142 Was swoj\u0105 \u0142ask\u0105, aby\u015bcie wyrastali na porz\u0105dnych obywateli i z mi\u0142o\u015bci\u0105 s\u0142u\u017cyli ojczy\u017anie.\u201d M\u0142odzi ochotnicy otrzymali gromkie brawa od zgromadzonych na Mszy parafian.<\/p>\n<p>Uroczysto\u015b\u0107 zako\u0144czy\u0142a si\u0119 ciep\u0142\u0105 herbat\u0105 i s\u0142odko\u015bciami w remizie stra\u017cackiej w \u0141uk\u00f3wcu.<\/p>\n<p>W ka\u017cdej chwili istnieje mo\u017cliwo\u015b\u0107 przyst\u0105pienia nowych cz\u0142onk\u00f3w do MDP \u2013 OSP \u0141uk\u00f3wiec zaprasza wszystkich ch\u0119tnych. Szczeg\u00f3\u0142y na www.osplukowiec.pl.<br \/>\n<\/big><\/p>\n<p>&nbsp;<\/p>\n<p><iframe loading=\"lazy\" title=\"\u015alubowanie M\u0142odzie\u017cowej Dru\u017cyny Po\u017carniczej przy OSP \u0141UK\u00d3WEC\" width=\"1170\" height=\"658\" src=\"https:\/\/www.youtube.com\/embed\/36CSj7oKz5E?feature=oembed\" frameborder=\"0\" allow=\"accelerometer; autoplay; clipboard-write; encrypted-media; gyroscope; picture-in-picture\" allowfullscreen><\/iframe><\/p>\n","protected":false},"excerpt":{"rendered":"<p>Dru\u017cyna MDP zosta\u0142a powo\u0142ana przez Zarz\u0105d OSP \u0141uk\u00f3wiec w marcu 2018 roku. Obecnie jej sk\u0142ad liczy 28 cz\u0142onk\u00f3w, zar\u00f3wno dziewcz\u0105t jak i ch\u0142opc\u00f3w. Opiek\u0119 nad dru\u017cyn\u0105 sprawuj\u0105: Emilia Lenarczyk Rafa\u0142 Kociszewski \u0141ukasz Floria\u0144czyk Pierwsze zbi\u00f3rki<a class=\"read-more\" href=\"http:\/\/osplukowiec.pl\/index.php\/historia-mdp\/\">Czytaj dalej<\/a><\/p>\n","protected":false},"author":6,"featured_media":6585,"parent":0,"menu_order":0,"comment_status":"closed","ping_status":"closed","template":"","meta":{"_mi_skip_tracking":false},"_links":{"self":[{"href":"http:\/\/osplukowiec.pl\/index.php\/wp-json\/wp\/v2\/pages\/6576"}],"collection":[{"href":"http:\/\/osplukowiec.pl\/index.php\/wp-json\/wp\/v2\/pages"}],"about":[{"href":"http:\/\/osplukowiec.pl\/index.php\/wp-json\/wp\/v2\/types\/page"}],"author":[{"embeddable":true,"href":"http:\/\/osplukowiec.pl\/index.php\/wp-json\/wp\/v2\/users\/6"}],"replies":[{"embeddable":true,"href":"http:\/\/osplukowiec.pl\/index.php\/wp-json\/wp\/v2\/comments?post=6576"}],"version-history":[{"count":7,"href":"http:\/\/osplukowiec.pl\/index.php\/wp-json\/wp\/v2\/pages\/6576\/revisions"}],"predecessor-version":[{"id":6584,"href":"http:\/\/osplukowiec.pl\/index.php\/wp-json\/wp\/v2\/pages\/6576\/revisions\/6584"}],"wp:featuredmedia":[{"embeddable":true,"href":"http:\/\/osplukowiec.pl\/index.php\/wp-json\/wp\/v2\/media\/6585"}],"wp:attachment":[{"href":"http:\/\/osplukowiec.pl\/index.php\/wp-json\/wp\/v2\/media?parent=6576"}],"curies":[{"name":"wp","href":"https:\/\/api.w.org\/{rel}","templated":true}]}}