{"id":8210,"date":"2025-10-09T22:53:21","date_gmt":"2025-10-09T20:53:21","guid":{"rendered":"http:\/\/osplukowiec.pl\/?page_id=8210"},"modified":"2025-10-09T22:53:21","modified_gmt":"2025-10-09T20:53:21","slug":"warsztaty-rozwoju-kompetencji-miekkich","status":"publish","type":"page","link":"http:\/\/osplukowiec.pl\/index.php\/warsztaty-rozwoju-kompetencji-miekkich\/","title":{"rendered":"Warsztaty rozwoju kompetencji mi\u0119kkich"},"content":{"rendered":"<p data-start=\"306\" data-end=\"487\"><span style=\"font-family: arial, helvetica, sans-serif; font-size: 14pt; color: #808080;\">Chcesz m\u00f3wi\u0107 \u201etak\u201d i \u201enie\u201d z lekko\u015bci\u0105, budowa\u0107 zdrowe relacje, lepiej radzi\u0107 sobie ze stresem i poczu\u0107 si\u0119 pewniej w codziennych wyzwaniach?<\/span><br data-start=\"447\" data-end=\"450\" \/><span style=\"font-family: arial, helvetica, sans-serif; font-size: 14pt; color: #808080;\">Te warsztaty s\u0105 w\u0142a\u015bnie dla Ciebie!<\/span><\/p>\n<p data-start=\"489\" data-end=\"519\"><span style=\"font-family: arial, helvetica, sans-serif; font-size: 14pt; color: #808080;\">Podczas dwudniowych spotka\u0144:<\/span><\/p>\n<ul data-start=\"520\" data-end=\"712\">\n<li data-start=\"520\" data-end=\"572\">\n<p data-start=\"522\" data-end=\"572\"><span style=\"font-family: arial, helvetica, sans-serif; font-size: 14pt; color: #808080;\">odkryjesz moc asertywno\u015bci i komunikacji wprost,<\/span><\/p>\n<\/li>\n<li data-start=\"573\" data-end=\"634\">\n<p data-start=\"575\" data-end=\"634\"><span style=\"font-family: arial, helvetica, sans-serif; font-size: 14pt; color: #808080;\">nauczysz si\u0119 technik radzenia sobie z emocjami i stresem,<\/span><\/p>\n<\/li>\n<li data-start=\"635\" data-end=\"712\">\n<p data-start=\"637\" data-end=\"712\"><span style=\"font-family: arial, helvetica, sans-serif; font-size: 14pt; color: #808080;\">prze\u0107wiczysz praktyczne umiej\u0119tno\u015bci w bezpiecznej, kobiecej przestrzeni.<\/span><\/p>\n<\/li>\n<\/ul>\n<h2 data-start=\"714\" data-end=\"760\"><span style=\"font-family: arial, helvetica, sans-serif; font-size: 18pt; color: #808080;\"><strong>Na uczestniczki czekaj\u0105 dwa terminy spotka\u0144:<\/strong><\/span><\/h2>\n<h3 data-start=\"767\" data-end=\"782\"><span style=\"font-family: arial, helvetica, sans-serif; font-size: 14pt; color: #808080;\">I TERMIN:<\/span><\/h3>\n<p data-start=\"783\" data-end=\"953\"><span style=\"font-family: arial, helvetica, sans-serif; font-size: 14pt; color: #808080;\">Hala sportowa, ul. Boh. Westerplatte 55, sala nr 44<\/span><br data-start=\"834\" data-end=\"837\" \/><span style=\"font-family: arial, helvetica, sans-serif; font-size: 14pt; color: #808080;\">25\u201326 pa\u017adziernika 2025 r. (sobota i niedziela)<\/span><br data-start=\"884\" data-end=\"887\" \/><span style=\"font-family: arial, helvetica, sans-serif; font-size: 14pt; color: #808080;\">Start: godz. 9:00<\/span><br data-start=\"904\" data-end=\"907\" \/><span style=\"font-family: arial, helvetica, sans-serif; font-size: 14pt; color: #808080;\">Grupa: 20 kobiet<\/span><br data-start=\"923\" data-end=\"926\" \/><span style=\"font-family: arial, helvetica, sans-serif; font-size: 14pt; color: #808080;\">Zapewniamy pocz\u0119stunek \ud83c\udf4e<\/span><\/p>\n<hr data-start=\"955\" data-end=\"958\" \/>\n<h3 data-start=\"960\" data-end=\"976\"><span style=\"font-family: arial, helvetica, sans-serif; font-size: 14pt; color: #808080;\">II TERMIN:<\/span><\/h3>\n<p data-start=\"977\" data-end=\"1142\"><span style=\"font-family: arial, helvetica, sans-serif; font-size: 14pt; color: #808080;\">Hala sportowa, ul. Boh. Westerplatte 55, sala nr 44<\/span><br data-start=\"1028\" data-end=\"1031\" \/><span style=\"font-family: arial, helvetica, sans-serif; font-size: 14pt; color: #808080;\">8\u20139 listopada 2025 r. (sobota i niedziela)<\/span><br data-start=\"1073\" data-end=\"1076\" \/><span style=\"font-family: arial, helvetica, sans-serif; font-size: 14pt; color: #808080;\">Start: godz. 9:00<\/span><br data-start=\"1093\" data-end=\"1096\" \/><span style=\"font-family: arial, helvetica, sans-serif; font-size: 14pt; color: #808080;\">Grupa: 20 kobiet<\/span><br data-start=\"1112\" data-end=\"1115\" \/><span style=\"font-family: arial, helvetica, sans-serif; font-size: 14pt; color: #808080;\">Zapewniamy pocz\u0119stunek \ud83c\udf4e<\/span><\/p>\n<hr data-start=\"1144\" data-end=\"1147\" \/>\n<h2 data-start=\"1149\" data-end=\"1178\"><span style=\"color: #808080;\"><strong><span style=\"font-family: arial, helvetica, sans-serif; font-size: 18pt;\">Informacje organizacyjne<\/span><\/strong><\/span><\/h2>\n<p data-start=\"1180\" data-end=\"1318\"><span style=\"font-family: arial, helvetica, sans-serif; font-size: 14pt; color: #808080;\">Zg\u0142oszenia przyjmujemy pod numerem telefonu: 506 346 943<\/span><br data-start=\"1240\" data-end=\"1243\" \/><span style=\"font-family: arial, helvetica, sans-serif; font-size: 14pt; color: #808080;\">Zapisy ruszaj\u0105 w poniedzia\u0142ek, 29 wrze\u015bnia 2025 r., o godzinie 11:00.<\/span><\/p>\n<p data-start=\"1320\" data-end=\"1413\"><span style=\"font-family: arial, helvetica, sans-serif; font-size: 14pt; color: #808080;\">Liczba miejsc ograniczona \u2013 \u0142\u0105cznie 40 uczestniczek, dlatego zach\u0119camy do szybkich zapis\u00f3w!<\/span><\/p>\n<p data-start=\"1415\" data-end=\"1559\"><span style=\"font-family: arial, helvetica, sans-serif; font-size: 14pt; color: #808080;\">Uwaga! Istnieje mo\u017cliwo\u015b\u0107 zapewnienia asystenta dla osoby z niepe\u0142nosprawno\u015bci\u0105 \u2013 prosimy o zg\u0142oszenia na adres: <strong data-start=\"1528\" data-end=\"1557\"><a class=\"decorated-link cursor-pointer\" style=\"color: #808080;\" rel=\"noopener\" data-start=\"1530\" data-end=\"1555\">kobietymazowsza2025@wp.pl<\/a><\/strong><\/span><\/p>\n<hr data-start=\"1561\" data-end=\"1564\" \/>\n<p data-start=\"1566\" data-end=\"1699\"><span style=\"font-family: arial, helvetica, sans-serif; font-size: 14pt; color: #808080;\">Zadanie publiczne finansowane jest ze \u015brodk\u00f3w Samorz\u0105du Wojew\u00f3dztwa Mazowieckiego w ramach Bud\u017cetu Obywatelskiego Mazowsza.<\/span><\/p>\n<p data-start=\"1701\" data-end=\"1782\"><span style=\"font-family: arial, helvetica, sans-serif; font-size: 14pt; color: #808080;\">Udzia\u0142 w zaj\u0119ciach oznacza zgod\u0119 na publikacj\u0119 wizerunku w celach promocyjnych.<\/span><\/p>\n<p data-start=\"1784\" data-end=\"1866\"><span style=\"font-family: arial, helvetica, sans-serif; font-size: 14pt; color: #808080;\">\u0179r\u00f3d\u0142o inicjatywy: <a style=\"color: #808080;\" href=\"https:\/\/www.facebook.com\/people\/Kobiety-Mazowsza-bior%C4%85-sprawy-w-swoje-r%C4%99ce\/61578365007324\/\">Kobiety Mazowsza bior\u0105 sprawy w swoje r\u0119ce<\/a><\/span><br data-start=\"1849\" data-end=\"1852\" \/><span style=\"font-family: arial, helvetica, sans-serif; font-size: 14pt; color: #808080;\">Osp \u0141uk\u00f3wiec<\/span><\/p>\n<p data-start=\"1868\" data-end=\"1911\"><span style=\"font-family: arial, helvetica, sans-serif; font-size: 14pt; color: #808080;\">#Bud\u017cetObywatelskiMazowsza #BOM #mazowsze<\/span><\/p>\n","protected":false},"excerpt":{"rendered":"<p>Chcesz m\u00f3wi\u0107 \u201etak\u201d i \u201enie\u201d z lekko\u015bci\u0105, budowa\u0107 zdrowe relacje, lepiej radzi\u0107 sobie ze stresem i poczu\u0107 si\u0119 pewniej w codziennych wyzwaniach?Te warsztaty s\u0105 w\u0142a\u015bnie dla Ciebie! Podczas dwudniowych spotka\u0144: odkryjesz moc asertywno\u015bci i komunikacji<a class=\"read-more\" href=\"http:\/\/osplukowiec.pl\/index.php\/warsztaty-rozwoju-kompetencji-miekkich\/\">Czytaj dalej<\/a><\/p>\n","protected":false},"author":6,"featured_media":8211,"parent":0,"menu_order":0,"comment_status":"closed","ping_status":"closed","template":"","meta":{"_mi_skip_tracking":false},"_links":{"self":[{"href":"http:\/\/osplukowiec.pl\/index.php\/wp-json\/wp\/v2\/pages\/8210"}],"collection":[{"href":"http:\/\/osplukowiec.pl\/index.php\/wp-json\/wp\/v2\/pages"}],"about":[{"href":"http:\/\/osplukowiec.pl\/index.php\/wp-json\/wp\/v2\/types\/page"}],"author":[{"embeddable":true,"href":"http:\/\/osplukowiec.pl\/index.php\/wp-json\/wp\/v2\/users\/6"}],"replies":[{"embeddable":true,"href":"http:\/\/osplukowiec.pl\/index.php\/wp-json\/wp\/v2\/comments?post=8210"}],"version-history":[{"count":1,"href":"http:\/\/osplukowiec.pl\/index.php\/wp-json\/wp\/v2\/pages\/8210\/revisions"}],"predecessor-version":[{"id":8212,"href":"http:\/\/osplukowiec.pl\/index.php\/wp-json\/wp\/v2\/pages\/8210\/revisions\/8212"}],"wp:featuredmedia":[{"embeddable":true,"href":"http:\/\/osplukowiec.pl\/index.php\/wp-json\/wp\/v2\/media\/8211"}],"wp:attachment":[{"href":"http:\/\/osplukowiec.pl\/index.php\/wp-json\/wp\/v2\/media?parent=8210"}],"curies":[{"name":"wp","href":"https:\/\/api.w.org\/{rel}","templated":true}]}}